{"id":3532,"date":"2024-10-25T12:08:17","date_gmt":"2024-10-25T16:08:17","guid":{"rendered":"https:\/\/emc-mec.ca\/?post_type=staff&#038;p=3532"},"modified":"2026-02-13T11:57:51","modified_gmt":"2026-02-13T16:57:51","slug":"3532","status":"publish","type":"staff","link":"https:\/\/emc-mec.ca\/fr\/personnel\/3532\/","title":{"rendered":"Abdelhak Harbi"},"content":{"rendered":"<p><span class=\"marklzjgf961c\" data-markjs=\"true\" data-ogac=\"\" data-ogab=\"\" data-ogsc=\"\" data-ogsb=\"\" data-olk-copy-source=\"MessageBody\">Abdel<\/span>\u00a0Harbi a rejoint Mobilit\u00e9 \u00e9lectrique Canada en Octobre 2024. Il soutient les initiatives des groupes de travail, les rapports de projet et les demandes de financement, tout en contribuant \u00e0 la recherche analytique.\u00a0<span class=\"marklzjgf961c\" data-markjs=\"true\" data-ogac=\"\" data-ogab=\"\" data-ogsc=\"\" data-ogsb=\"\">Abdel<\/span>\u00a0poss\u00e8de une solide exp\u00e9rience en mati\u00e8re d&#8217;analyse \u00e9conomique, de coordination de projet et de recherche sur les politiques. Dans ses fonctions pr\u00e9c\u00e9dentes d&#8217;assistant de recherche et d&#8217;analyste, il a contribu\u00e9 \u00e0 la r\u00e9alisation d&#8217;\u00e9tudes et de recommandations politiques.\u00a0<span class=\"marklzjgf961c\" data-markjs=\"true\" data-ogac=\"\" data-ogab=\"\" data-ogsc=\"\" data-ogsb=\"\">Abdel<\/span>\u00a0est titulaire d&#8217;une ma\u00eetrise en \u00e9conomie de l&#8217;Universit\u00e9 d&#8217;Ottawa.<\/p>\n","protected":false},"featured_media":6069,"menu_order":9,"template":"","meta":{"_acf_changed":false,"_monsterinsights_skip_tracking":false,"_monsterinsights_sitenote_active":false,"_monsterinsights_sitenote_note":"","_monsterinsights_sitenote_category":0},"class_list":["post-3532","staff","type-staff","status-publish","has-post-thumbnail","hentry"],"acf":[],"yoast_head":"<!-- This site is optimized with the Yoast SEO plugin v27.4 - https:\/\/yoast.com\/product\/yoast-seo-wordpress\/ -->\n<title>Abdelhak Harbi - Mobilit\u00e9 Electrique Canada<\/title>\n<meta name=\"robots\" content=\"index, follow, max-snippet:-1, max-image-preview:large, max-video-preview:-1\" \/>\n<link rel=\"canonical\" href=\"https:\/\/emc-mec.ca\/fr\/personnel\/3532\/\" \/>\n<meta property=\"og:locale\" content=\"fr_FR\" \/>\n<meta property=\"og:type\" content=\"article\" \/>\n<meta property=\"og:title\" content=\"Abdelhak Harbi - Mobilit\u00e9 Electrique Canada\" \/>\n<meta property=\"og:description\" content=\"Abdel\u00a0Harbi a rejoint Mobilit\u00e9 \u00e9lectrique Canada en Octobre 2024. Il soutient les initiatives des groupes de travail, les rapports de projet et les demandes de [&hellip;]\" \/>\n<meta property=\"og:url\" content=\"https:\/\/emc-mec.ca\/fr\/personnel\/3532\/\" \/>\n<meta property=\"og:site_name\" content=\"Mobilit\u00e9 Electrique Canada\" \/>\n<meta property=\"article:modified_time\" content=\"2026-02-13T16:57:51+00:00\" \/>\n<meta property=\"og:image\" content=\"https:\/\/emc-mec.ca\/wp-content\/uploads\/2025\/10\/Oct1-EVVE2025-Final-Web-0395-scaled.jpg\" \/>\n\t<meta property=\"og:image:width\" content=\"1710\" \/>\n\t<meta property=\"og:image:height\" content=\"2560\" \/>\n\t<meta property=\"og:image:type\" content=\"image\/jpeg\" \/>\n<meta name=\"twitter:card\" content=\"summary_large_image\" \/>\n<meta name=\"twitter:label1\" content=\"Dur\u00e9e de lecture estim\u00e9e\" \/>\n\t<meta name=\"twitter:data1\" content=\"1 minute\" \/>\n<script type=\"application\/ld+json\" class=\"yoast-schema-graph\">{\"@context\":\"https:\\\/\\\/schema.org\",\"@graph\":[{\"@type\":\"WebPage\",\"@id\":\"https:\\\/\\\/emc-mec.ca\\\/fr\\\/personnel\\\/3532\\\/\",\"url\":\"https:\\\/\\\/emc-mec.ca\\\/fr\\\/personnel\\\/3532\\\/\",\"name\":\"Abdelhak Harbi - Mobilit\u00e9 Electrique Canada\",\"isPartOf\":{\"@id\":\"https:\\\/\\\/emc-mec.ca\\\/#website\"},\"primaryImageOfPage\":{\"@id\":\"https:\\\/\\\/emc-mec.ca\\\/fr\\\/personnel\\\/3532\\\/#primaryimage\"},\"image\":{\"@id\":\"https:\\\/\\\/emc-mec.ca\\\/fr\\\/personnel\\\/3532\\\/#primaryimage\"},\"thumbnailUrl\":\"https:\\\/\\\/emc-mec.ca\\\/wp-content\\\/uploads\\\/2025\\\/10\\\/Oct1-EVVE2025-Final-Web-0395-scaled.jpg\",\"datePublished\":\"2024-10-25T16:08:17+00:00\",\"dateModified\":\"2026-02-13T16:57:51+00:00\",\"breadcrumb\":{\"@id\":\"https:\\\/\\\/emc-mec.ca\\\/fr\\\/personnel\\\/3532\\\/#breadcrumb\"},\"inLanguage\":\"fr-FR\",\"potentialAction\":[{\"@type\":\"ReadAction\",\"target\":[\"https:\\\/\\\/emc-mec.ca\\\/fr\\\/personnel\\\/3532\\\/\"]}]},{\"@type\":\"ImageObject\",\"inLanguage\":\"fr-FR\",\"@id\":\"https:\\\/\\\/emc-mec.ca\\\/fr\\\/personnel\\\/3532\\\/#primaryimage\",\"url\":\"https:\\\/\\\/emc-mec.ca\\\/wp-content\\\/uploads\\\/2025\\\/10\\\/Oct1-EVVE2025-Final-Web-0395-scaled.jpg\",\"contentUrl\":\"https:\\\/\\\/emc-mec.ca\\\/wp-content\\\/uploads\\\/2025\\\/10\\\/Oct1-EVVE2025-Final-Web-0395-scaled.jpg\",\"width\":1710,\"height\":2560},{\"@type\":\"BreadcrumbList\",\"@id\":\"https:\\\/\\\/emc-mec.ca\\\/fr\\\/personnel\\\/3532\\\/#breadcrumb\",\"itemListElement\":[{\"@type\":\"ListItem\",\"position\":1,\"name\":\"Home\",\"item\":\"https:\\\/\\\/emc-mec.ca\\\/fr\\\/\"},{\"@type\":\"ListItem\",\"position\":2,\"name\":\"Staff Members\",\"item\":\"https:\\\/\\\/emc-mec.ca\\\/staff\\\/\"},{\"@type\":\"ListItem\",\"position\":3,\"name\":\"Abdelhak Harbi\"}]},{\"@type\":\"WebSite\",\"@id\":\"https:\\\/\\\/emc-mec.ca\\\/#website\",\"url\":\"https:\\\/\\\/emc-mec.ca\\\/\",\"name\":\"Mobilit\u00e9 Electrique Canada\",\"description\":\"Acc\u00e9l\u00e9rer l&#039;\u00e9lectrification des transports\",\"potentialAction\":[{\"@type\":\"SearchAction\",\"target\":{\"@type\":\"EntryPoint\",\"urlTemplate\":\"https:\\\/\\\/emc-mec.ca\\\/?s={search_term_string}\"},\"query-input\":{\"@type\":\"PropertyValueSpecification\",\"valueRequired\":true,\"valueName\":\"search_term_string\"}}],\"inLanguage\":\"fr-FR\"}]}<\/script>\n<!-- \/ Yoast SEO plugin. -->","yoast_head_json":{"title":"Abdelhak Harbi - Mobilit\u00e9 Electrique Canada","robots":{"index":"index","follow":"follow","max-snippet":"max-snippet:-1","max-image-preview":"max-image-preview:large","max-video-preview":"max-video-preview:-1"},"canonical":"https:\/\/emc-mec.ca\/fr\/personnel\/3532\/","og_locale":"fr_FR","og_type":"article","og_title":"Abdelhak Harbi - Mobilit\u00e9 Electrique Canada","og_description":"Abdel\u00a0Harbi a rejoint Mobilit\u00e9 \u00e9lectrique Canada en Octobre 2024. Il soutient les initiatives des groupes de travail, les rapports de projet et les demandes de [&hellip;]","og_url":"https:\/\/emc-mec.ca\/fr\/personnel\/3532\/","og_site_name":"Mobilit\u00e9 Electrique Canada","article_modified_time":"2026-02-13T16:57:51+00:00","og_image":[{"width":1710,"height":2560,"url":"https:\/\/emc-mec.ca\/wp-content\/uploads\/2025\/10\/Oct1-EVVE2025-Final-Web-0395-scaled.jpg","type":"image\/jpeg"}],"twitter_card":"summary_large_image","twitter_misc":{"Dur\u00e9e de lecture estim\u00e9e":"1 minute"},"schema":{"@context":"https:\/\/schema.org","@graph":[{"@type":"WebPage","@id":"https:\/\/emc-mec.ca\/fr\/personnel\/3532\/","url":"https:\/\/emc-mec.ca\/fr\/personnel\/3532\/","name":"Abdelhak Harbi - Mobilit\u00e9 Electrique Canada","isPartOf":{"@id":"https:\/\/emc-mec.ca\/#website"},"primaryImageOfPage":{"@id":"https:\/\/emc-mec.ca\/fr\/personnel\/3532\/#primaryimage"},"image":{"@id":"https:\/\/emc-mec.ca\/fr\/personnel\/3532\/#primaryimage"},"thumbnailUrl":"https:\/\/emc-mec.ca\/wp-content\/uploads\/2025\/10\/Oct1-EVVE2025-Final-Web-0395-scaled.jpg","datePublished":"2024-10-25T16:08:17+00:00","dateModified":"2026-02-13T16:57:51+00:00","breadcrumb":{"@id":"https:\/\/emc-mec.ca\/fr\/personnel\/3532\/#breadcrumb"},"inLanguage":"fr-FR","potentialAction":[{"@type":"ReadAction","target":["https:\/\/emc-mec.ca\/fr\/personnel\/3532\/"]}]},{"@type":"ImageObject","inLanguage":"fr-FR","@id":"https:\/\/emc-mec.ca\/fr\/personnel\/3532\/#primaryimage","url":"https:\/\/emc-mec.ca\/wp-content\/uploads\/2025\/10\/Oct1-EVVE2025-Final-Web-0395-scaled.jpg","contentUrl":"https:\/\/emc-mec.ca\/wp-content\/uploads\/2025\/10\/Oct1-EVVE2025-Final-Web-0395-scaled.jpg","width":1710,"height":2560},{"@type":"BreadcrumbList","@id":"https:\/\/emc-mec.ca\/fr\/personnel\/3532\/#breadcrumb","itemListElement":[{"@type":"ListItem","position":1,"name":"Home","item":"https:\/\/emc-mec.ca\/fr\/"},{"@type":"ListItem","position":2,"name":"Staff Members","item":"https:\/\/emc-mec.ca\/staff\/"},{"@type":"ListItem","position":3,"name":"Abdelhak Harbi"}]},{"@type":"WebSite","@id":"https:\/\/emc-mec.ca\/#website","url":"https:\/\/emc-mec.ca\/","name":"Mobilit\u00e9 Electrique Canada","description":"Acc\u00e9l\u00e9rer l&#039;\u00e9lectrification des transports","potentialAction":[{"@type":"SearchAction","target":{"@type":"EntryPoint","urlTemplate":"https:\/\/emc-mec.ca\/?s={search_term_string}"},"query-input":{"@type":"PropertyValueSpecification","valueRequired":true,"valueName":"search_term_string"}}],"inLanguage":"fr-FR"}]}},"_links":{"self":[{"href":"https:\/\/emc-mec.ca\/fr\/wp-json\/wp\/v2\/staff\/3532","targetHints":{"allow":["GET"]}}],"collection":[{"href":"https:\/\/emc-mec.ca\/fr\/wp-json\/wp\/v2\/staff"}],"about":[{"href":"https:\/\/emc-mec.ca\/fr\/wp-json\/wp\/v2\/types\/staff"}],"wp:featuredmedia":[{"embeddable":true,"href":"https:\/\/emc-mec.ca\/fr\/wp-json\/wp\/v2\/media\/6069"}],"wp:attachment":[{"href":"https:\/\/emc-mec.ca\/fr\/wp-json\/wp\/v2\/media?parent=3532"}],"curies":[{"name":"wp","href":"https:\/\/api.w.org\/{rel}","templated":true}]}}