{"id":2119,"date":"2023-08-16T15:58:59","date_gmt":"2023-08-16T19:58:59","guid":{"rendered":"https:\/\/emc-mec.ca\/?post_type=staff&#038;p=2119"},"modified":"2024-09-23T17:04:56","modified_gmt":"2024-09-23T21:04:56","slug":"sandra-dsylva-gestionnaire-de-projets","status":"publish","type":"staff","link":"https:\/\/emc-mec.ca\/fr\/personnel\/sandra-dsylva-gestionnaire-de-projets\/","title":{"rendered":"Sandra D&#8217;Sylva"},"content":{"rendered":"<p><span data-contrast=\"auto\">Sandra s&#8217;est jointe \u00e0 l&#8217;\u00e9quipe de Mobilit\u00e9 \u00c9lectrique Canada en juillet 2023 en tant que gestionnaire de projet. Elle a auparavant travaill\u00e9 dans le domaine des technologies propres en commercialisant des solutions innovantes et durables de valorisation des d\u00e9chets et de recyclage des plastiques. Sandra poss\u00e8de une vaste exp\u00e9rience en mati\u00e8re de d\u00e9veloppement des affaires, d&#8217;avancement organisationnel, d&#8217;engagement et de liaison avec les parties prenantes, de conception de conf\u00e9rences et de planification d&#8217;\u00e9v\u00e9nements. Outre la r\u00e9alisation de projets, elle a fait preuve de leadership en favorisant les alliances strat\u00e9giques, les partenariats internationaux et les collaborations. Bas\u00e9e \u00e0 Montr\u00e9al, elle est bilingue anglais-fran\u00e7ais et conna\u00eet bien les environnements publics et priv\u00e9s. Elle a travaill\u00e9 professionnellement au Canada, en Europe et au Japon. <\/span><span data-ccp-props=\"{&quot;201341983&quot;:0,&quot;335559739&quot;:0,&quot;335559740&quot;:240}\">\u00a0<\/span><\/p>\n<p><a href=\"https:\/\/www.linkedin.com\/in\/sandradsylva\/\"><span data-contrast=\"none\">Profil LinkedIn<\/span><\/a><span data-ccp-props=\"{&quot;201341983&quot;:0,&quot;335559739&quot;:0,&quot;335559740&quot;:240}\">\u00a0<\/span><\/p>\n","protected":false},"featured_media":3243,"menu_order":6,"template":"","meta":{"_acf_changed":false,"_monsterinsights_skip_tracking":false,"_monsterinsights_sitenote_active":false,"_monsterinsights_sitenote_note":"","_monsterinsights_sitenote_category":0},"class_list":["post-2119","staff","type-staff","status-publish","has-post-thumbnail","hentry"],"acf":[],"yoast_head":"<!-- This site is optimized with the Yoast SEO plugin v27.4 - https:\/\/yoast.com\/product\/yoast-seo-wordpress\/ -->\n<title>Sandra D&#039;Sylva - Mobilit\u00e9 Electrique Canada<\/title>\n<meta name=\"robots\" content=\"index, follow, max-snippet:-1, max-image-preview:large, max-video-preview:-1\" \/>\n<link rel=\"canonical\" href=\"https:\/\/emc-mec.ca\/fr\/personnel\/sandra-dsylva-gestionnaire-de-projets\/\" \/>\n<meta property=\"og:locale\" content=\"fr_FR\" \/>\n<meta property=\"og:type\" content=\"article\" \/>\n<meta property=\"og:title\" content=\"Sandra D&#039;Sylva - Mobilit\u00e9 Electrique Canada\" \/>\n<meta property=\"og:description\" content=\"Sandra s&#8217;est jointe \u00e0 l&#8217;\u00e9quipe de Mobilit\u00e9 \u00c9lectrique Canada en juillet 2023 en tant que gestionnaire de projet. Elle a auparavant travaill\u00e9 dans le domaine [&hellip;]\" \/>\n<meta property=\"og:url\" content=\"https:\/\/emc-mec.ca\/fr\/personnel\/sandra-dsylva-gestionnaire-de-projets\/\" \/>\n<meta property=\"og:site_name\" content=\"Mobilit\u00e9 Electrique Canada\" \/>\n<meta property=\"article:modified_time\" content=\"2024-09-23T21:04:56+00:00\" \/>\n<meta property=\"og:image\" content=\"https:\/\/emc-mec.ca\/wp-content\/uploads\/2023\/08\/Sandra-DSylva-scaled.jpg\" \/>\n\t<meta property=\"og:image:width\" content=\"2560\" \/>\n\t<meta property=\"og:image:height\" content=\"2048\" \/>\n\t<meta property=\"og:image:type\" content=\"image\/jpeg\" \/>\n<meta name=\"twitter:card\" content=\"summary_large_image\" \/>\n<meta name=\"twitter:label1\" content=\"Dur\u00e9e de lecture estim\u00e9e\" \/>\n\t<meta name=\"twitter:data1\" content=\"1 minute\" \/>\n<script type=\"application\/ld+json\" class=\"yoast-schema-graph\">{\"@context\":\"https:\\\/\\\/schema.org\",\"@graph\":[{\"@type\":\"WebPage\",\"@id\":\"https:\\\/\\\/emc-mec.ca\\\/fr\\\/personnel\\\/sandra-dsylva-gestionnaire-de-projets\\\/\",\"url\":\"https:\\\/\\\/emc-mec.ca\\\/fr\\\/personnel\\\/sandra-dsylva-gestionnaire-de-projets\\\/\",\"name\":\"Sandra D'Sylva - Mobilit\u00e9 Electrique Canada\",\"isPartOf\":{\"@id\":\"https:\\\/\\\/emc-mec.ca\\\/#website\"},\"primaryImageOfPage\":{\"@id\":\"https:\\\/\\\/emc-mec.ca\\\/fr\\\/personnel\\\/sandra-dsylva-gestionnaire-de-projets\\\/#primaryimage\"},\"image\":{\"@id\":\"https:\\\/\\\/emc-mec.ca\\\/fr\\\/personnel\\\/sandra-dsylva-gestionnaire-de-projets\\\/#primaryimage\"},\"thumbnailUrl\":\"https:\\\/\\\/emc-mec.ca\\\/wp-content\\\/uploads\\\/2023\\\/08\\\/Untitled-design-1.png\",\"datePublished\":\"2023-08-16T19:58:59+00:00\",\"dateModified\":\"2024-09-23T21:04:56+00:00\",\"breadcrumb\":{\"@id\":\"https:\\\/\\\/emc-mec.ca\\\/fr\\\/personnel\\\/sandra-dsylva-gestionnaire-de-projets\\\/#breadcrumb\"},\"inLanguage\":\"fr-FR\",\"potentialAction\":[{\"@type\":\"ReadAction\",\"target\":[\"https:\\\/\\\/emc-mec.ca\\\/fr\\\/personnel\\\/sandra-dsylva-gestionnaire-de-projets\\\/\"]}]},{\"@type\":\"ImageObject\",\"inLanguage\":\"fr-FR\",\"@id\":\"https:\\\/\\\/emc-mec.ca\\\/fr\\\/personnel\\\/sandra-dsylva-gestionnaire-de-projets\\\/#primaryimage\",\"url\":\"https:\\\/\\\/emc-mec.ca\\\/wp-content\\\/uploads\\\/2023\\\/08\\\/Untitled-design-1.png\",\"contentUrl\":\"https:\\\/\\\/emc-mec.ca\\\/wp-content\\\/uploads\\\/2023\\\/08\\\/Untitled-design-1.png\",\"width\":1080,\"height\":1080},{\"@type\":\"BreadcrumbList\",\"@id\":\"https:\\\/\\\/emc-mec.ca\\\/fr\\\/personnel\\\/sandra-dsylva-gestionnaire-de-projets\\\/#breadcrumb\",\"itemListElement\":[{\"@type\":\"ListItem\",\"position\":1,\"name\":\"Home\",\"item\":\"https:\\\/\\\/emc-mec.ca\\\/fr\\\/\"},{\"@type\":\"ListItem\",\"position\":2,\"name\":\"Staff Members\",\"item\":\"https:\\\/\\\/emc-mec.ca\\\/staff\\\/\"},{\"@type\":\"ListItem\",\"position\":3,\"name\":\"Sandra D&#8217;Sylva\"}]},{\"@type\":\"WebSite\",\"@id\":\"https:\\\/\\\/emc-mec.ca\\\/#website\",\"url\":\"https:\\\/\\\/emc-mec.ca\\\/\",\"name\":\"Mobilit\u00e9 Electrique Canada\",\"description\":\"Acc\u00e9l\u00e9rer l&#039;\u00e9lectrification des transports\",\"potentialAction\":[{\"@type\":\"SearchAction\",\"target\":{\"@type\":\"EntryPoint\",\"urlTemplate\":\"https:\\\/\\\/emc-mec.ca\\\/?s={search_term_string}\"},\"query-input\":{\"@type\":\"PropertyValueSpecification\",\"valueRequired\":true,\"valueName\":\"search_term_string\"}}],\"inLanguage\":\"fr-FR\"}]}<\/script>\n<!-- \/ Yoast SEO plugin. -->","yoast_head_json":{"title":"Sandra D'Sylva - Mobilit\u00e9 Electrique Canada","robots":{"index":"index","follow":"follow","max-snippet":"max-snippet:-1","max-image-preview":"max-image-preview:large","max-video-preview":"max-video-preview:-1"},"canonical":"https:\/\/emc-mec.ca\/fr\/personnel\/sandra-dsylva-gestionnaire-de-projets\/","og_locale":"fr_FR","og_type":"article","og_title":"Sandra D'Sylva - Mobilit\u00e9 Electrique Canada","og_description":"Sandra s&#8217;est jointe \u00e0 l&#8217;\u00e9quipe de Mobilit\u00e9 \u00c9lectrique Canada en juillet 2023 en tant que gestionnaire de projet. Elle a auparavant travaill\u00e9 dans le domaine [&hellip;]","og_url":"https:\/\/emc-mec.ca\/fr\/personnel\/sandra-dsylva-gestionnaire-de-projets\/","og_site_name":"Mobilit\u00e9 Electrique Canada","article_modified_time":"2024-09-23T21:04:56+00:00","og_image":[{"width":2560,"height":2048,"url":"https:\/\/emc-mec.ca\/wp-content\/uploads\/2023\/08\/Sandra-DSylva-scaled.jpg","type":"image\/jpeg"}],"twitter_card":"summary_large_image","twitter_misc":{"Dur\u00e9e de lecture estim\u00e9e":"1 minute"},"schema":{"@context":"https:\/\/schema.org","@graph":[{"@type":"WebPage","@id":"https:\/\/emc-mec.ca\/fr\/personnel\/sandra-dsylva-gestionnaire-de-projets\/","url":"https:\/\/emc-mec.ca\/fr\/personnel\/sandra-dsylva-gestionnaire-de-projets\/","name":"Sandra D'Sylva - Mobilit\u00e9 Electrique Canada","isPartOf":{"@id":"https:\/\/emc-mec.ca\/#website"},"primaryImageOfPage":{"@id":"https:\/\/emc-mec.ca\/fr\/personnel\/sandra-dsylva-gestionnaire-de-projets\/#primaryimage"},"image":{"@id":"https:\/\/emc-mec.ca\/fr\/personnel\/sandra-dsylva-gestionnaire-de-projets\/#primaryimage"},"thumbnailUrl":"https:\/\/emc-mec.ca\/wp-content\/uploads\/2023\/08\/Untitled-design-1.png","datePublished":"2023-08-16T19:58:59+00:00","dateModified":"2024-09-23T21:04:56+00:00","breadcrumb":{"@id":"https:\/\/emc-mec.ca\/fr\/personnel\/sandra-dsylva-gestionnaire-de-projets\/#breadcrumb"},"inLanguage":"fr-FR","potentialAction":[{"@type":"ReadAction","target":["https:\/\/emc-mec.ca\/fr\/personnel\/sandra-dsylva-gestionnaire-de-projets\/"]}]},{"@type":"ImageObject","inLanguage":"fr-FR","@id":"https:\/\/emc-mec.ca\/fr\/personnel\/sandra-dsylva-gestionnaire-de-projets\/#primaryimage","url":"https:\/\/emc-mec.ca\/wp-content\/uploads\/2023\/08\/Untitled-design-1.png","contentUrl":"https:\/\/emc-mec.ca\/wp-content\/uploads\/2023\/08\/Untitled-design-1.png","width":1080,"height":1080},{"@type":"BreadcrumbList","@id":"https:\/\/emc-mec.ca\/fr\/personnel\/sandra-dsylva-gestionnaire-de-projets\/#breadcrumb","itemListElement":[{"@type":"ListItem","position":1,"name":"Home","item":"https:\/\/emc-mec.ca\/fr\/"},{"@type":"ListItem","position":2,"name":"Staff Members","item":"https:\/\/emc-mec.ca\/staff\/"},{"@type":"ListItem","position":3,"name":"Sandra D&#8217;Sylva"}]},{"@type":"WebSite","@id":"https:\/\/emc-mec.ca\/#website","url":"https:\/\/emc-mec.ca\/","name":"Mobilit\u00e9 Electrique Canada","description":"Acc\u00e9l\u00e9rer l&#039;\u00e9lectrification des transports","potentialAction":[{"@type":"SearchAction","target":{"@type":"EntryPoint","urlTemplate":"https:\/\/emc-mec.ca\/?s={search_term_string}"},"query-input":{"@type":"PropertyValueSpecification","valueRequired":true,"valueName":"search_term_string"}}],"inLanguage":"fr-FR"}]}},"_links":{"self":[{"href":"https:\/\/emc-mec.ca\/fr\/wp-json\/wp\/v2\/staff\/2119","targetHints":{"allow":["GET"]}}],"collection":[{"href":"https:\/\/emc-mec.ca\/fr\/wp-json\/wp\/v2\/staff"}],"about":[{"href":"https:\/\/emc-mec.ca\/fr\/wp-json\/wp\/v2\/types\/staff"}],"wp:featuredmedia":[{"embeddable":true,"href":"https:\/\/emc-mec.ca\/fr\/wp-json\/wp\/v2\/media\/3243"}],"wp:attachment":[{"href":"https:\/\/emc-mec.ca\/fr\/wp-json\/wp\/v2\/media?parent=2119"}],"curies":[{"name":"wp","href":"https:\/\/api.w.org\/{rel}","templated":true}]}}