{"id":1564,"date":"2022-09-23T09:04:28","date_gmt":"2022-09-23T13:04:28","guid":{"rendered":"https:\/\/emc-mec.ca\/?post_type=staff&#038;p=1564"},"modified":"2024-09-23T17:14:03","modified_gmt":"2024-09-23T21:14:03","slug":"daniel-breton","status":"publish","type":"staff","link":"https:\/\/emc-mec.ca\/fr\/personnel\/daniel-breton\/","title":{"rendered":"Daniel Breton"},"content":{"rendered":"<p><span data-contrast=\"auto\">Daniel Breton est pr\u00e9sident-directeur g\u00e9n\u00e9ral de Mobilit\u00e9 \u00c9lectrique Canada, l&#8217;une des plus anciennes associations d\u00e9di\u00e9es \u00e0 l&#8217;\u00e9lectrification des transports dans le monde. L\u2019organisation compte plus de 200 membres, dont des fournisseurs d&#8217;\u00e9lectricit\u00e9, des fabricants de v\u00e9hicules, des villes, des universit\u00e9s, des syndicats, des entreprises technologiques, des centres de recherche, des minist\u00e8res, des ONG environnementales, des associations de propri\u00e9taires de v\u00e9hicules \u00e9lectriques, des gestionnaires de parcs de v\u00e9hicules, etc.\u202fAncien ministre qu\u00e9b\u00e9cois de l&#8217;Environnement, du D\u00e9veloppement durable, de la Faune et des Parcs, il a \u00e9t\u00e9 le premier \u00e9lu responsable d&#8217;une strat\u00e9gie gouvernementale pour l&#8217;\u00e9lectrification des transports au Canada en 2012. Dipl\u00f4m\u00e9 en gestion durable du carbone, il a \u00e9crit plusieurs ouvrages sur l&#8217;\u00e9lectrification des transports, les changements climatiques, la pollution atmosph\u00e9rique et la transition \u00e9nerg\u00e9tique depuis 2009. <\/span><span data-ccp-props=\"{&quot;201341983&quot;:0,&quot;335559739&quot;:0,&quot;335559740&quot;:240}\">\u00a0<\/span><\/p>\n<p><a href=\"https:\/\/www.linkedin.com\/in\/daniel-breton-b8a3b1a4?lipi=urn%3Ali%3Apage%3Ad_flagship3_profile_view_base_contact_details%3BiiuEMJ9UR%2Bm2ITw%2BBLAgBg%3D%3D\"><span data-contrast=\"none\">Profil LinkedIn<\/span><\/a> <span data-ccp-props=\"{&quot;201341983&quot;:0,&quot;335559739&quot;:0,&quot;335559740&quot;:240}\">\u00a0<\/span><\/p>\n","protected":false},"featured_media":6073,"menu_order":1,"template":"","meta":{"_acf_changed":false,"_monsterinsights_skip_tracking":false,"_monsterinsights_sitenote_active":false,"_monsterinsights_sitenote_note":"","_monsterinsights_sitenote_category":0},"class_list":["post-1564","staff","type-staff","status-publish","has-post-thumbnail","hentry"],"acf":[],"yoast_head":"<!-- This site is optimized with the Yoast SEO plugin v27.4 - https:\/\/yoast.com\/product\/yoast-seo-wordpress\/ -->\n<title>Daniel Breton - Mobilit\u00e9 Electrique Canada<\/title>\n<meta name=\"description\" content=\"Daniel est responsable de la gestion globale de M\u00c9C. Il dirige les initiatives de plaidoyer et l&#039;orientation strat\u00e9gique de l&#039;organisation et identifie les d\u00e9fis et les opportunit\u00e9s pour faire progresser l&#039;\u00e9lectrification des transports. Il est le porte-parole de M\u00c9C aupr\u00e8s des m\u00e9dias et est un conf\u00e9rencier recherch\u00e9 sur le th\u00e8me de la mobilit\u00e9 \u00e9lectrique.\" \/>\n<meta name=\"robots\" content=\"index, follow, max-snippet:-1, max-image-preview:large, max-video-preview:-1\" \/>\n<link rel=\"canonical\" href=\"https:\/\/emc-mec.ca\/fr\/personnel\/daniel-breton\/\" \/>\n<meta property=\"og:locale\" content=\"fr_FR\" \/>\n<meta property=\"og:type\" content=\"article\" \/>\n<meta property=\"og:title\" content=\"Daniel Breton - Mobilit\u00e9 Electrique Canada\" \/>\n<meta property=\"og:description\" content=\"Daniel est responsable de la gestion globale de M\u00c9C. Il dirige les initiatives de plaidoyer et l&#039;orientation strat\u00e9gique de l&#039;organisation et identifie les d\u00e9fis et les opportunit\u00e9s pour faire progresser l&#039;\u00e9lectrification des transports. Il est le porte-parole de M\u00c9C aupr\u00e8s des m\u00e9dias et est un conf\u00e9rencier recherch\u00e9 sur le th\u00e8me de la mobilit\u00e9 \u00e9lectrique.\" \/>\n<meta property=\"og:url\" content=\"https:\/\/emc-mec.ca\/fr\/personnel\/daniel-breton\/\" \/>\n<meta property=\"og:site_name\" content=\"Mobilit\u00e9 Electrique Canada\" \/>\n<meta property=\"article:modified_time\" content=\"2024-09-23T21:14:03+00:00\" \/>\n<meta property=\"og:image\" content=\"https:\/\/emc-mec.ca\/wp-content\/uploads\/2022\/09\/Daniel-Breton-scaled.jpg\" \/>\n\t<meta property=\"og:image:width\" content=\"2560\" \/>\n\t<meta property=\"og:image:height\" content=\"2048\" \/>\n\t<meta property=\"og:image:type\" content=\"image\/jpeg\" \/>\n<meta name=\"twitter:card\" content=\"summary_large_image\" \/>\n<meta name=\"twitter:label1\" content=\"Dur\u00e9e de lecture estim\u00e9e\" \/>\n\t<meta name=\"twitter:data1\" content=\"1 minute\" \/>\n<script type=\"application\/ld+json\" class=\"yoast-schema-graph\">{\"@context\":\"https:\\\/\\\/schema.org\",\"@graph\":[{\"@type\":\"WebPage\",\"@id\":\"https:\\\/\\\/emc-mec.ca\\\/fr\\\/personnel\\\/daniel-breton\\\/\",\"url\":\"https:\\\/\\\/emc-mec.ca\\\/fr\\\/personnel\\\/daniel-breton\\\/\",\"name\":\"Daniel Breton - Mobilit\u00e9 Electrique Canada\",\"isPartOf\":{\"@id\":\"https:\\\/\\\/emc-mec.ca\\\/#website\"},\"primaryImageOfPage\":{\"@id\":\"https:\\\/\\\/emc-mec.ca\\\/fr\\\/personnel\\\/daniel-breton\\\/#primaryimage\"},\"image\":{\"@id\":\"https:\\\/\\\/emc-mec.ca\\\/fr\\\/personnel\\\/daniel-breton\\\/#primaryimage\"},\"thumbnailUrl\":\"https:\\\/\\\/emc-mec.ca\\\/wp-content\\\/uploads\\\/2025\\\/10\\\/Oct1-EVVE2025-Final-Web-0399-scaled.jpg\",\"datePublished\":\"2022-09-23T13:04:28+00:00\",\"dateModified\":\"2024-09-23T21:14:03+00:00\",\"description\":\"Daniel est responsable de la gestion globale de M\u00c9C. Il dirige les initiatives de plaidoyer et l'orientation strat\u00e9gique de l'organisation et identifie les d\u00e9fis et les opportunit\u00e9s pour faire progresser l'\u00e9lectrification des transports. Il est le porte-parole de M\u00c9C aupr\u00e8s des m\u00e9dias et est un conf\u00e9rencier recherch\u00e9 sur le th\u00e8me de la mobilit\u00e9 \u00e9lectrique.\",\"breadcrumb\":{\"@id\":\"https:\\\/\\\/emc-mec.ca\\\/fr\\\/personnel\\\/daniel-breton\\\/#breadcrumb\"},\"inLanguage\":\"fr-FR\",\"potentialAction\":[{\"@type\":\"ReadAction\",\"target\":[\"https:\\\/\\\/emc-mec.ca\\\/fr\\\/personnel\\\/daniel-breton\\\/\"]}]},{\"@type\":\"ImageObject\",\"inLanguage\":\"fr-FR\",\"@id\":\"https:\\\/\\\/emc-mec.ca\\\/fr\\\/personnel\\\/daniel-breton\\\/#primaryimage\",\"url\":\"https:\\\/\\\/emc-mec.ca\\\/wp-content\\\/uploads\\\/2025\\\/10\\\/Oct1-EVVE2025-Final-Web-0399-scaled.jpg\",\"contentUrl\":\"https:\\\/\\\/emc-mec.ca\\\/wp-content\\\/uploads\\\/2025\\\/10\\\/Oct1-EVVE2025-Final-Web-0399-scaled.jpg\",\"width\":1710,\"height\":2560},{\"@type\":\"BreadcrumbList\",\"@id\":\"https:\\\/\\\/emc-mec.ca\\\/fr\\\/personnel\\\/daniel-breton\\\/#breadcrumb\",\"itemListElement\":[{\"@type\":\"ListItem\",\"position\":1,\"name\":\"Home\",\"item\":\"https:\\\/\\\/emc-mec.ca\\\/fr\\\/\"},{\"@type\":\"ListItem\",\"position\":2,\"name\":\"Staff Members\",\"item\":\"https:\\\/\\\/emc-mec.ca\\\/staff\\\/\"},{\"@type\":\"ListItem\",\"position\":3,\"name\":\"Daniel Breton\"}]},{\"@type\":\"WebSite\",\"@id\":\"https:\\\/\\\/emc-mec.ca\\\/#website\",\"url\":\"https:\\\/\\\/emc-mec.ca\\\/\",\"name\":\"Mobilit\u00e9 Electrique Canada\",\"description\":\"Acc\u00e9l\u00e9rer l&#039;\u00e9lectrification des transports\",\"potentialAction\":[{\"@type\":\"SearchAction\",\"target\":{\"@type\":\"EntryPoint\",\"urlTemplate\":\"https:\\\/\\\/emc-mec.ca\\\/?s={search_term_string}\"},\"query-input\":{\"@type\":\"PropertyValueSpecification\",\"valueRequired\":true,\"valueName\":\"search_term_string\"}}],\"inLanguage\":\"fr-FR\"}]}<\/script>\n<!-- \/ Yoast SEO plugin. -->","yoast_head_json":{"title":"Daniel Breton - Mobilit\u00e9 Electrique Canada","description":"Daniel est responsable de la gestion globale de M\u00c9C. Il dirige les initiatives de plaidoyer et l'orientation strat\u00e9gique de l'organisation et identifie les d\u00e9fis et les opportunit\u00e9s pour faire progresser l'\u00e9lectrification des transports. Il est le porte-parole de M\u00c9C aupr\u00e8s des m\u00e9dias et est un conf\u00e9rencier recherch\u00e9 sur le th\u00e8me de la mobilit\u00e9 \u00e9lectrique.","robots":{"index":"index","follow":"follow","max-snippet":"max-snippet:-1","max-image-preview":"max-image-preview:large","max-video-preview":"max-video-preview:-1"},"canonical":"https:\/\/emc-mec.ca\/fr\/personnel\/daniel-breton\/","og_locale":"fr_FR","og_type":"article","og_title":"Daniel Breton - Mobilit\u00e9 Electrique Canada","og_description":"Daniel est responsable de la gestion globale de M\u00c9C. Il dirige les initiatives de plaidoyer et l'orientation strat\u00e9gique de l'organisation et identifie les d\u00e9fis et les opportunit\u00e9s pour faire progresser l'\u00e9lectrification des transports. Il est le porte-parole de M\u00c9C aupr\u00e8s des m\u00e9dias et est un conf\u00e9rencier recherch\u00e9 sur le th\u00e8me de la mobilit\u00e9 \u00e9lectrique.","og_url":"https:\/\/emc-mec.ca\/fr\/personnel\/daniel-breton\/","og_site_name":"Mobilit\u00e9 Electrique Canada","article_modified_time":"2024-09-23T21:14:03+00:00","og_image":[{"width":2560,"height":2048,"url":"https:\/\/emc-mec.ca\/wp-content\/uploads\/2022\/09\/Daniel-Breton-scaled.jpg","type":"image\/jpeg"}],"twitter_card":"summary_large_image","twitter_misc":{"Dur\u00e9e de lecture estim\u00e9e":"1 minute"},"schema":{"@context":"https:\/\/schema.org","@graph":[{"@type":"WebPage","@id":"https:\/\/emc-mec.ca\/fr\/personnel\/daniel-breton\/","url":"https:\/\/emc-mec.ca\/fr\/personnel\/daniel-breton\/","name":"Daniel Breton - Mobilit\u00e9 Electrique Canada","isPartOf":{"@id":"https:\/\/emc-mec.ca\/#website"},"primaryImageOfPage":{"@id":"https:\/\/emc-mec.ca\/fr\/personnel\/daniel-breton\/#primaryimage"},"image":{"@id":"https:\/\/emc-mec.ca\/fr\/personnel\/daniel-breton\/#primaryimage"},"thumbnailUrl":"https:\/\/emc-mec.ca\/wp-content\/uploads\/2025\/10\/Oct1-EVVE2025-Final-Web-0399-scaled.jpg","datePublished":"2022-09-23T13:04:28+00:00","dateModified":"2024-09-23T21:14:03+00:00","description":"Daniel est responsable de la gestion globale de M\u00c9C. Il dirige les initiatives de plaidoyer et l'orientation strat\u00e9gique de l'organisation et identifie les d\u00e9fis et les opportunit\u00e9s pour faire progresser l'\u00e9lectrification des transports. Il est le porte-parole de M\u00c9C aupr\u00e8s des m\u00e9dias et est un conf\u00e9rencier recherch\u00e9 sur le th\u00e8me de la mobilit\u00e9 \u00e9lectrique.","breadcrumb":{"@id":"https:\/\/emc-mec.ca\/fr\/personnel\/daniel-breton\/#breadcrumb"},"inLanguage":"fr-FR","potentialAction":[{"@type":"ReadAction","target":["https:\/\/emc-mec.ca\/fr\/personnel\/daniel-breton\/"]}]},{"@type":"ImageObject","inLanguage":"fr-FR","@id":"https:\/\/emc-mec.ca\/fr\/personnel\/daniel-breton\/#primaryimage","url":"https:\/\/emc-mec.ca\/wp-content\/uploads\/2025\/10\/Oct1-EVVE2025-Final-Web-0399-scaled.jpg","contentUrl":"https:\/\/emc-mec.ca\/wp-content\/uploads\/2025\/10\/Oct1-EVVE2025-Final-Web-0399-scaled.jpg","width":1710,"height":2560},{"@type":"BreadcrumbList","@id":"https:\/\/emc-mec.ca\/fr\/personnel\/daniel-breton\/#breadcrumb","itemListElement":[{"@type":"ListItem","position":1,"name":"Home","item":"https:\/\/emc-mec.ca\/fr\/"},{"@type":"ListItem","position":2,"name":"Staff Members","item":"https:\/\/emc-mec.ca\/staff\/"},{"@type":"ListItem","position":3,"name":"Daniel Breton"}]},{"@type":"WebSite","@id":"https:\/\/emc-mec.ca\/#website","url":"https:\/\/emc-mec.ca\/","name":"Mobilit\u00e9 Electrique Canada","description":"Acc\u00e9l\u00e9rer l&#039;\u00e9lectrification des transports","potentialAction":[{"@type":"SearchAction","target":{"@type":"EntryPoint","urlTemplate":"https:\/\/emc-mec.ca\/?s={search_term_string}"},"query-input":{"@type":"PropertyValueSpecification","valueRequired":true,"valueName":"search_term_string"}}],"inLanguage":"fr-FR"}]}},"_links":{"self":[{"href":"https:\/\/emc-mec.ca\/fr\/wp-json\/wp\/v2\/staff\/1564","targetHints":{"allow":["GET"]}}],"collection":[{"href":"https:\/\/emc-mec.ca\/fr\/wp-json\/wp\/v2\/staff"}],"about":[{"href":"https:\/\/emc-mec.ca\/fr\/wp-json\/wp\/v2\/types\/staff"}],"wp:featuredmedia":[{"embeddable":true,"href":"https:\/\/emc-mec.ca\/fr\/wp-json\/wp\/v2\/media\/6073"}],"wp:attachment":[{"href":"https:\/\/emc-mec.ca\/fr\/wp-json\/wp\/v2\/media?parent=1564"}],"curies":[{"name":"wp","href":"https:\/\/api.w.org\/{rel}","templated":true}]}}