{"id":1563,"date":"2022-09-23T09:04:53","date_gmt":"2022-09-23T13:04:53","guid":{"rendered":"https:\/\/emc-mec.ca\/?post_type=staff&#038;p=1563"},"modified":"2025-10-22T13:43:21","modified_gmt":"2025-10-22T17:43:21","slug":"maureen-shuell","status":"publish","type":"staff","link":"https:\/\/emc-mec.ca\/fr\/personnel\/maureen-shuell\/","title":{"rendered":"Maureen Shuell"},"content":{"rendered":"<p><span data-contrast=\"auto\">En tant que chef des op\u00e9rations de Mobilit\u00e9 \u00c9lectrique Canada, Maureen Shuell est responsable des op\u00e9rations et des finances, du conseil d&#8217;administration, des comit\u00e9s et des questions de gouvernance, de la planification et du suivi strat\u00e9giques, des membres, du d\u00e9veloppement des affaires, des \u00e9v\u00e9nements, des questions de dotation et de la cr\u00e9ation d&#8217;une nouvelle organisation connexe, <em>Acc\u00e9l\u00e9rer: L\u2019Alliance Canadienne de cha\u00eene d\u2019approvisionnement de VZE<\/em>. Elle soutient \u00e9galement les efforts de relations gouvernementales avec tous les niveaux de gouvernement. Elle a travaill\u00e9 dans des environnements politiques et \u00e0 but non lucratif, dirigeant des strat\u00e9gies de communication, des projets de relations gouvernementales, des conf\u00e9rences \u00e0 grande \u00e9chelle et des collaborations de haut niveau en tant que consultante. En 2019, elle a fond\u00e9 <em>Autonomous Transportation Canada<\/em> avec le soutien d&#8217;un vaste r\u00e9seau de partenaires de haut niveau issus du monde des affaires, du gouvernement, du milieu universitaire et d&#8217;associations \u00e0 but non lucratif qui font progresser l&#8217;avenir des villes, des infrastructures et de la mobilit\u00e9 interconnect\u00e9e.\u00a0 <\/span><span data-ccp-props=\"{&quot;201341983&quot;:0,&quot;335559739&quot;:0,&quot;335559740&quot;:240}\">\u00a0<\/span><\/p>\n<p><a href=\"https:\/\/www.linkedin.com\/in\/maureenshuell?lipi=urn%3Ali%3Apage%3Ad_flagship3_profile_view_base_contact_details%3BcJnJtYo5T%2BSUaHwGNd%2Fnog%3D%3D\"><span data-contrast=\"none\">Profil LinkedIn<\/span><\/a> <span data-ccp-props=\"{&quot;201341983&quot;:0,&quot;335559739&quot;:0,&quot;335559740&quot;:240}\">\u00a0<\/span><\/p>\n","protected":false},"featured_media":6074,"menu_order":2,"template":"","meta":{"_acf_changed":false,"_monsterinsights_skip_tracking":false,"_monsterinsights_sitenote_active":false,"_monsterinsights_sitenote_note":"","_monsterinsights_sitenote_category":0},"class_list":["post-1563","staff","type-staff","status-publish","has-post-thumbnail","hentry"],"acf":[],"yoast_head":"<!-- This site is optimized with the Yoast SEO plugin v27.5 - https:\/\/yoast.com\/product\/yoast-seo-wordpress\/ -->\n<title>Maureen Shuell - Mobilit\u00e9 Electrique Canada<\/title>\n<meta name=\"description\" content=\"Maureen est responsable des op\u00e9rations et des finances, du conseil d&#039;administration, des comit\u00e9s et des questions de gouvernance, de la planification et du suivi strat\u00e9giques, des adh\u00e9sions, du d\u00e9veloppement commercial, des \u00e9v\u00e9nements, des questions de personnel et soutient les efforts de relations gouvernementales. Elle est membre du conseil d&#039;administration d&#039;Accelerate : L\u2019alliance canadienne de la cha\u00eene d\u2019approvisionnement des VZE, et de Autonomous Transportation Canada, dont l&#039;objectif est de faire progresser l&#039;avenir des villes, des infrastructures et de la mobilit\u00e9 interconnect\u00e9e.\" \/>\n<meta name=\"robots\" content=\"index, follow, max-snippet:-1, max-image-preview:large, max-video-preview:-1\" \/>\n<link rel=\"canonical\" href=\"https:\/\/emc-mec.ca\/fr\/personnel\/maureen-shuell\/\" \/>\n<meta property=\"og:locale\" content=\"fr_FR\" \/>\n<meta property=\"og:type\" content=\"article\" \/>\n<meta property=\"og:title\" content=\"Maureen Shuell - Mobilit\u00e9 Electrique Canada\" \/>\n<meta property=\"og:description\" content=\"Maureen est responsable des op\u00e9rations et des finances, du conseil d&#039;administration, des comit\u00e9s et des questions de gouvernance, de la planification et du suivi strat\u00e9giques, des adh\u00e9sions, du d\u00e9veloppement commercial, des \u00e9v\u00e9nements, des questions de personnel et soutient les efforts de relations gouvernementales. Elle est membre du conseil d&#039;administration d&#039;Accelerate : L\u2019alliance canadienne de la cha\u00eene d\u2019approvisionnement des VZE, et de Autonomous Transportation Canada, dont l&#039;objectif est de faire progresser l&#039;avenir des villes, des infrastructures et de la mobilit\u00e9 interconnect\u00e9e.\" \/>\n<meta property=\"og:url\" content=\"https:\/\/emc-mec.ca\/fr\/personnel\/maureen-shuell\/\" \/>\n<meta property=\"og:site_name\" content=\"Mobilit\u00e9 Electrique Canada\" \/>\n<meta property=\"article:modified_time\" content=\"2025-10-22T17:43:21+00:00\" \/>\n<meta property=\"og:image\" content=\"https:\/\/emc-mec.ca\/wp-content\/uploads\/2022\/09\/Oct1-EVVE2025-Final-Web-0396-scaled.jpg\" \/>\n\t<meta property=\"og:image:width\" content=\"1707\" \/>\n\t<meta property=\"og:image:height\" content=\"2560\" \/>\n\t<meta property=\"og:image:type\" content=\"image\/jpeg\" \/>\n<meta name=\"twitter:card\" content=\"summary_large_image\" \/>\n<meta name=\"twitter:label1\" content=\"Dur\u00e9e de lecture estim\u00e9e\" \/>\n\t<meta name=\"twitter:data1\" content=\"1 minute\" \/>\n<script type=\"application\/ld+json\" class=\"yoast-schema-graph\">{\"@context\":\"https:\\\/\\\/schema.org\",\"@graph\":[{\"@type\":\"WebPage\",\"@id\":\"https:\\\/\\\/emc-mec.ca\\\/fr\\\/personnel\\\/maureen-shuell\\\/\",\"url\":\"https:\\\/\\\/emc-mec.ca\\\/fr\\\/personnel\\\/maureen-shuell\\\/\",\"name\":\"Maureen Shuell - Mobilit\u00e9 Electrique Canada\",\"isPartOf\":{\"@id\":\"https:\\\/\\\/emc-mec.ca\\\/#website\"},\"primaryImageOfPage\":{\"@id\":\"https:\\\/\\\/emc-mec.ca\\\/fr\\\/personnel\\\/maureen-shuell\\\/#primaryimage\"},\"image\":{\"@id\":\"https:\\\/\\\/emc-mec.ca\\\/fr\\\/personnel\\\/maureen-shuell\\\/#primaryimage\"},\"thumbnailUrl\":\"https:\\\/\\\/emc-mec.ca\\\/wp-content\\\/uploads\\\/2022\\\/09\\\/Oct1-EVVE2025-Final-Web-0396-scaled.jpg\",\"datePublished\":\"2022-09-23T13:04:53+00:00\",\"dateModified\":\"2025-10-22T17:43:21+00:00\",\"description\":\"Maureen est responsable des op\u00e9rations et des finances, du conseil d'administration, des comit\u00e9s et des questions de gouvernance, de la planification et du suivi strat\u00e9giques, des adh\u00e9sions, du d\u00e9veloppement commercial, des \u00e9v\u00e9nements, des questions de personnel et soutient les efforts de relations gouvernementales. Elle est membre du conseil d'administration d'Accelerate : L\u2019alliance canadienne de la cha\u00eene d\u2019approvisionnement des VZE, et de Autonomous Transportation Canada, dont l'objectif est de faire progresser l'avenir des villes, des infrastructures et de la mobilit\u00e9 interconnect\u00e9e.\",\"breadcrumb\":{\"@id\":\"https:\\\/\\\/emc-mec.ca\\\/fr\\\/personnel\\\/maureen-shuell\\\/#breadcrumb\"},\"inLanguage\":\"fr-FR\",\"potentialAction\":[{\"@type\":\"ReadAction\",\"target\":[\"https:\\\/\\\/emc-mec.ca\\\/fr\\\/personnel\\\/maureen-shuell\\\/\"]}]},{\"@type\":\"ImageObject\",\"inLanguage\":\"fr-FR\",\"@id\":\"https:\\\/\\\/emc-mec.ca\\\/fr\\\/personnel\\\/maureen-shuell\\\/#primaryimage\",\"url\":\"https:\\\/\\\/emc-mec.ca\\\/wp-content\\\/uploads\\\/2022\\\/09\\\/Oct1-EVVE2025-Final-Web-0396-scaled.jpg\",\"contentUrl\":\"https:\\\/\\\/emc-mec.ca\\\/wp-content\\\/uploads\\\/2022\\\/09\\\/Oct1-EVVE2025-Final-Web-0396-scaled.jpg\",\"width\":1707,\"height\":2560},{\"@type\":\"BreadcrumbList\",\"@id\":\"https:\\\/\\\/emc-mec.ca\\\/fr\\\/personnel\\\/maureen-shuell\\\/#breadcrumb\",\"itemListElement\":[{\"@type\":\"ListItem\",\"position\":1,\"name\":\"Home\",\"item\":\"https:\\\/\\\/emc-mec.ca\\\/fr\\\/\"},{\"@type\":\"ListItem\",\"position\":2,\"name\":\"Staff Members\",\"item\":\"https:\\\/\\\/emc-mec.ca\\\/staff\\\/\"},{\"@type\":\"ListItem\",\"position\":3,\"name\":\"Maureen Shuell\"}]},{\"@type\":\"WebSite\",\"@id\":\"https:\\\/\\\/emc-mec.ca\\\/#website\",\"url\":\"https:\\\/\\\/emc-mec.ca\\\/\",\"name\":\"Mobilit\u00e9 Electrique Canada\",\"description\":\"Acc\u00e9l\u00e9rer l&#039;\u00e9lectrification des transports\",\"potentialAction\":[{\"@type\":\"SearchAction\",\"target\":{\"@type\":\"EntryPoint\",\"urlTemplate\":\"https:\\\/\\\/emc-mec.ca\\\/?s={search_term_string}\"},\"query-input\":{\"@type\":\"PropertyValueSpecification\",\"valueRequired\":true,\"valueName\":\"search_term_string\"}}],\"inLanguage\":\"fr-FR\"}]}<\/script>\n<!-- \/ Yoast SEO plugin. -->","yoast_head_json":{"title":"Maureen Shuell - Mobilit\u00e9 Electrique Canada","description":"Maureen est responsable des op\u00e9rations et des finances, du conseil d'administration, des comit\u00e9s et des questions de gouvernance, de la planification et du suivi strat\u00e9giques, des adh\u00e9sions, du d\u00e9veloppement commercial, des \u00e9v\u00e9nements, des questions de personnel et soutient les efforts de relations gouvernementales. Elle est membre du conseil d'administration d'Accelerate : L\u2019alliance canadienne de la cha\u00eene d\u2019approvisionnement des VZE, et de Autonomous Transportation Canada, dont l'objectif est de faire progresser l'avenir des villes, des infrastructures et de la mobilit\u00e9 interconnect\u00e9e.","robots":{"index":"index","follow":"follow","max-snippet":"max-snippet:-1","max-image-preview":"max-image-preview:large","max-video-preview":"max-video-preview:-1"},"canonical":"https:\/\/emc-mec.ca\/fr\/personnel\/maureen-shuell\/","og_locale":"fr_FR","og_type":"article","og_title":"Maureen Shuell - Mobilit\u00e9 Electrique Canada","og_description":"Maureen est responsable des op\u00e9rations et des finances, du conseil d'administration, des comit\u00e9s et des questions de gouvernance, de la planification et du suivi strat\u00e9giques, des adh\u00e9sions, du d\u00e9veloppement commercial, des \u00e9v\u00e9nements, des questions de personnel et soutient les efforts de relations gouvernementales. Elle est membre du conseil d'administration d'Accelerate : L\u2019alliance canadienne de la cha\u00eene d\u2019approvisionnement des VZE, et de Autonomous Transportation Canada, dont l'objectif est de faire progresser l'avenir des villes, des infrastructures et de la mobilit\u00e9 interconnect\u00e9e.","og_url":"https:\/\/emc-mec.ca\/fr\/personnel\/maureen-shuell\/","og_site_name":"Mobilit\u00e9 Electrique Canada","article_modified_time":"2025-10-22T17:43:21+00:00","og_image":[{"width":1707,"height":2560,"url":"https:\/\/emc-mec.ca\/wp-content\/uploads\/2022\/09\/Oct1-EVVE2025-Final-Web-0396-scaled.jpg","type":"image\/jpeg"}],"twitter_card":"summary_large_image","twitter_misc":{"Dur\u00e9e de lecture estim\u00e9e":"1 minute"},"schema":{"@context":"https:\/\/schema.org","@graph":[{"@type":"WebPage","@id":"https:\/\/emc-mec.ca\/fr\/personnel\/maureen-shuell\/","url":"https:\/\/emc-mec.ca\/fr\/personnel\/maureen-shuell\/","name":"Maureen Shuell - Mobilit\u00e9 Electrique Canada","isPartOf":{"@id":"https:\/\/emc-mec.ca\/#website"},"primaryImageOfPage":{"@id":"https:\/\/emc-mec.ca\/fr\/personnel\/maureen-shuell\/#primaryimage"},"image":{"@id":"https:\/\/emc-mec.ca\/fr\/personnel\/maureen-shuell\/#primaryimage"},"thumbnailUrl":"https:\/\/emc-mec.ca\/wp-content\/uploads\/2022\/09\/Oct1-EVVE2025-Final-Web-0396-scaled.jpg","datePublished":"2022-09-23T13:04:53+00:00","dateModified":"2025-10-22T17:43:21+00:00","description":"Maureen est responsable des op\u00e9rations et des finances, du conseil d'administration, des comit\u00e9s et des questions de gouvernance, de la planification et du suivi strat\u00e9giques, des adh\u00e9sions, du d\u00e9veloppement commercial, des \u00e9v\u00e9nements, des questions de personnel et soutient les efforts de relations gouvernementales. Elle est membre du conseil d'administration d'Accelerate : L\u2019alliance canadienne de la cha\u00eene d\u2019approvisionnement des VZE, et de Autonomous Transportation Canada, dont l'objectif est de faire progresser l'avenir des villes, des infrastructures et de la mobilit\u00e9 interconnect\u00e9e.","breadcrumb":{"@id":"https:\/\/emc-mec.ca\/fr\/personnel\/maureen-shuell\/#breadcrumb"},"inLanguage":"fr-FR","potentialAction":[{"@type":"ReadAction","target":["https:\/\/emc-mec.ca\/fr\/personnel\/maureen-shuell\/"]}]},{"@type":"ImageObject","inLanguage":"fr-FR","@id":"https:\/\/emc-mec.ca\/fr\/personnel\/maureen-shuell\/#primaryimage","url":"https:\/\/emc-mec.ca\/wp-content\/uploads\/2022\/09\/Oct1-EVVE2025-Final-Web-0396-scaled.jpg","contentUrl":"https:\/\/emc-mec.ca\/wp-content\/uploads\/2022\/09\/Oct1-EVVE2025-Final-Web-0396-scaled.jpg","width":1707,"height":2560},{"@type":"BreadcrumbList","@id":"https:\/\/emc-mec.ca\/fr\/personnel\/maureen-shuell\/#breadcrumb","itemListElement":[{"@type":"ListItem","position":1,"name":"Home","item":"https:\/\/emc-mec.ca\/fr\/"},{"@type":"ListItem","position":2,"name":"Staff Members","item":"https:\/\/emc-mec.ca\/staff\/"},{"@type":"ListItem","position":3,"name":"Maureen Shuell"}]},{"@type":"WebSite","@id":"https:\/\/emc-mec.ca\/#website","url":"https:\/\/emc-mec.ca\/","name":"Mobilit\u00e9 Electrique Canada","description":"Acc\u00e9l\u00e9rer l&#039;\u00e9lectrification des transports","potentialAction":[{"@type":"SearchAction","target":{"@type":"EntryPoint","urlTemplate":"https:\/\/emc-mec.ca\/?s={search_term_string}"},"query-input":{"@type":"PropertyValueSpecification","valueRequired":true,"valueName":"search_term_string"}}],"inLanguage":"fr-FR"}]}},"_links":{"self":[{"href":"https:\/\/emc-mec.ca\/fr\/wp-json\/wp\/v2\/staff\/1563","targetHints":{"allow":["GET"]}}],"collection":[{"href":"https:\/\/emc-mec.ca\/fr\/wp-json\/wp\/v2\/staff"}],"about":[{"href":"https:\/\/emc-mec.ca\/fr\/wp-json\/wp\/v2\/types\/staff"}],"wp:featuredmedia":[{"embeddable":true,"href":"https:\/\/emc-mec.ca\/fr\/wp-json\/wp\/v2\/media\/6074"}],"wp:attachment":[{"href":"https:\/\/emc-mec.ca\/fr\/wp-json\/wp\/v2\/media?parent=1563"}],"curies":[{"name":"wp","href":"https:\/\/api.w.org\/{rel}","templated":true}]}}