{"id":2850,"date":"2024-04-05T14:46:34","date_gmt":"2024-04-05T18:46:34","guid":{"rendered":"https:\/\/emc-mec.ca\/?post_type=event&#038;p=2850"},"modified":"2025-01-20T16:41:26","modified_gmt":"2025-01-20T21:41:26","slug":"infrastructure-de-recharge-des-ve-une-vue-densemble-du-paysage-canadien-avec-un-regard-particulier-sur-la-province-de-lontario","status":"publish","type":"event","link":"https:\/\/emc-mec.ca\/fr\/evenement\/infrastructure-de-recharge-des-ve-une-vue-densemble-du-paysage-canadien-avec-un-regard-particulier-sur-la-province-de-lontario\/","title":{"rendered":"Infrastructure de recharge des VE : Une vue d&#8217;ensemble du paysage canadien avec un regard particulier sur la province de l&#8217;Ontario"},"content":{"rendered":"<p>Rejoignez-nous pour un webinaire organis\u00e9 conjointement par le minist\u00e8re britannique des affaires et du commerce (DBT) et Mobilit\u00e9 \u00e9lectrique Canada (MEC), qui comprendra une table ronde avec d&#8217;\u00e9minents intervenants, afin d&#8217;examiner le paysage florissant de l&#8217;infrastructure de recharge des v\u00e9hicules \u00e9lectriques (VE) au Canada.<\/p>\n<p>Cette s\u00e9ance donnera un aper\u00e7u complet des engagements f\u00e9d\u00e9raux et provinciaux visant \u00e0 acc\u00e9l\u00e9rer l&#8217;adoption des VE et du r\u00f4le essentiel jou\u00e9 par le d\u00e9veloppement de l&#8217;infrastructure de recharge dans l&#8217;atteinte de l&#8217;objectif ambitieux de passer \u00e0 100 % de ventes de v\u00e9hicules sans \u00e9missions d&#8217;ici 2035.<\/p>\n<p>Notre panel d&#8217;experts est compos\u00e9 de<\/p>\n<ul>\n<li>Sherry-Ann Blackett et Sean Burton du minist\u00e8re britannique des affaires et du commerce, qui donneront un aper\u00e7u du travail du minist\u00e8re des affaires et du commerce au Canada et des opportunit\u00e9s commerciales.<\/li>\n<li>Arthur Zhang, de l&#8217;Institut canadien du changement climatique, qui donnera un aper\u00e7u du paysage de la recharge des VE au Canada.<\/li>\n<li>Brian Hewson, de la Commission de l&#8217;\u00e9nergie de l&#8217;Ontario, discutant des lignes directrices de l&#8217;Ontario en mati\u00e8re de recharge des VE.<\/li>\n<li>Maureen Shuell et Louise L\u00e9vesque de Mobilit\u00e9 \u00e9lectrique Canada, qui pr\u00e9senteront le travail d&#8217;EMC en mati\u00e8re de promotion des VE et son r\u00f4le de plaque tournante nationale pour l&#8217;\u00e9lectrification des transports.<\/li>\n<\/ul>\n<p>Une s\u00e9ance de questions-r\u00e9ponses suivra la conversation.<\/p>\n<p>Les principaux points de discussion porteront sur les initiatives et politiques f\u00e9d\u00e9rales et provinciales favorisant l&#8217;adoption des VE et le d\u00e9veloppement des infrastructures, sur l&#8217;\u00e9tat actuel de la recharge des VE au Canada, sur l&#8217;identification des opportunit\u00e9s commerciales au sein du secteur et sur l&#8217;examen du r\u00f4le de la cha\u00eene d&#8217;approvisionnement du Royaume-Uni dans le soutien de la strat\u00e9gie d&#8217;\u00e9lectrification des transports du Canada.<\/p>\n<p><em>Veuillez noter que ce webinaire sera pr\u00e9sent\u00e9 en anglais.<\/em><\/p>\n<p>Inscrivez-vous: <a href=\"https:\/\/us02web.zoom.us\/webinar\/register\/WN_4xO3aWJ5SEGBuZzE8GzdGA#\/registration\">https:\/\/us02web.zoom.us\/webinar\/register\/WN_4xO3aWJ5SEGBuZzE8GzdGA#\/registration<\/a><\/p>\n","protected":false},"excerpt":{"rendered":"<p>Le minist\u00e8re britannique des affaires et du commerce (DBT) et Mobilit\u00e9 \u00e9lectrique Canada ont organis\u00e9 conjointement un webinaire sur l&#8217;infrastructure de recharge des v\u00e9hicules \u00e9lectriques (VE) au Canada, couvrant les politiques, les opportunit\u00e9s commerciales et le r\u00f4le du Royaume-Uni dans le soutien aux v\u00e9hicules \u00e0 \u00e9mission z\u00e9ro.<\/p>\n","protected":false},"featured_media":0,"menu_order":0,"template":"","meta":{"_acf_changed":false,"_monsterinsights_skip_tracking":false,"_monsterinsights_sitenote_active":false,"_monsterinsights_sitenote_note":"","_monsterinsights_sitenote_category":0},"event-category":[72],"class_list":["post-2850","event","type-event","status-publish","hentry","event-category-webinaire"],"acf":[],"yoast_head":"<!-- This site is optimized with the Yoast SEO plugin v27.4 - https:\/\/yoast.com\/product\/yoast-seo-wordpress\/ -->\n<title>Infrastructure de recharge des VE : Une vue d&#039;ensemble du paysage canadien avec un regard particulier sur la province de l&#039;Ontario - Mobilit\u00e9 Electrique Canada<\/title>\n<meta name=\"robots\" content=\"index, follow, max-snippet:-1, max-image-preview:large, max-video-preview:-1\" \/>\n<link rel=\"canonical\" href=\"https:\/\/emc-mec.ca\/fr\/evenement\/infrastructure-de-recharge-des-ve-une-vue-densemble-du-paysage-canadien-avec-un-regard-particulier-sur-la-province-de-lontario\/\" \/>\n<meta property=\"og:locale\" content=\"fr_FR\" \/>\n<meta property=\"og:type\" content=\"article\" \/>\n<meta property=\"og:title\" content=\"Infrastructure de recharge des VE : Une vue d&#039;ensemble du paysage canadien avec un regard particulier sur la province de l&#039;Ontario - Mobilit\u00e9 Electrique Canada\" \/>\n<meta property=\"og:description\" content=\"Le minist\u00e8re britannique des affaires et du commerce (DBT) et Mobilit\u00e9 \u00e9lectrique Canada ont organis\u00e9 conjointement un webinaire sur l&#039;infrastructure de recharge des v\u00e9hicules \u00e9lectriques (VE) au Canada, couvrant les politiques, les opportunit\u00e9s commerciales et le r\u00f4le du Royaume-Uni dans le soutien aux v\u00e9hicules \u00e0 \u00e9mission z\u00e9ro.\" \/>\n<meta property=\"og:url\" content=\"https:\/\/emc-mec.ca\/fr\/evenement\/infrastructure-de-recharge-des-ve-une-vue-densemble-du-paysage-canadien-avec-un-regard-particulier-sur-la-province-de-lontario\/\" \/>\n<meta property=\"og:site_name\" content=\"Mobilit\u00e9 Electrique Canada\" \/>\n<meta property=\"article:modified_time\" content=\"2025-01-20T21:41:26+00:00\" \/>\n<meta name=\"twitter:card\" content=\"summary_large_image\" \/>\n<meta name=\"twitter:label1\" content=\"Dur\u00e9e de lecture estim\u00e9e\" \/>\n\t<meta name=\"twitter:data1\" content=\"2 minutes\" \/>\n<script type=\"application\/ld+json\" class=\"yoast-schema-graph\">{\"@context\":\"https:\\\/\\\/schema.org\",\"@graph\":[{\"@type\":\"WebPage\",\"@id\":\"https:\\\/\\\/emc-mec.ca\\\/fr\\\/evenement\\\/infrastructure-de-recharge-des-ve-une-vue-densemble-du-paysage-canadien-avec-un-regard-particulier-sur-la-province-de-lontario\\\/\",\"url\":\"https:\\\/\\\/emc-mec.ca\\\/fr\\\/evenement\\\/infrastructure-de-recharge-des-ve-une-vue-densemble-du-paysage-canadien-avec-un-regard-particulier-sur-la-province-de-lontario\\\/\",\"name\":\"Infrastructure de recharge des VE : Une vue d'ensemble du paysage canadien avec un regard particulier sur la province de l'Ontario - Mobilit\u00e9 Electrique Canada\",\"isPartOf\":{\"@id\":\"https:\\\/\\\/emc-mec.ca\\\/#website\"},\"datePublished\":\"2024-04-05T18:46:34+00:00\",\"dateModified\":\"2025-01-20T21:41:26+00:00\",\"breadcrumb\":{\"@id\":\"https:\\\/\\\/emc-mec.ca\\\/fr\\\/evenement\\\/infrastructure-de-recharge-des-ve-une-vue-densemble-du-paysage-canadien-avec-un-regard-particulier-sur-la-province-de-lontario\\\/#breadcrumb\"},\"inLanguage\":\"fr-FR\",\"potentialAction\":[{\"@type\":\"ReadAction\",\"target\":[\"https:\\\/\\\/emc-mec.ca\\\/fr\\\/evenement\\\/infrastructure-de-recharge-des-ve-une-vue-densemble-du-paysage-canadien-avec-un-regard-particulier-sur-la-province-de-lontario\\\/\"]}]},{\"@type\":\"BreadcrumbList\",\"@id\":\"https:\\\/\\\/emc-mec.ca\\\/fr\\\/evenement\\\/infrastructure-de-recharge-des-ve-une-vue-densemble-du-paysage-canadien-avec-un-regard-particulier-sur-la-province-de-lontario\\\/#breadcrumb\",\"itemListElement\":[{\"@type\":\"ListItem\",\"position\":1,\"name\":\"Home\",\"item\":\"https:\\\/\\\/emc-mec.ca\\\/fr\\\/\"},{\"@type\":\"ListItem\",\"position\":2,\"name\":\"Events\",\"item\":\"https:\\\/\\\/emc-mec.ca\\\/event\\\/\"},{\"@type\":\"ListItem\",\"position\":3,\"name\":\"Infrastructure de recharge des VE : Une vue d&#8217;ensemble du paysage canadien avec un regard particulier sur la province de l&#8217;Ontario\"}]},{\"@type\":\"WebSite\",\"@id\":\"https:\\\/\\\/emc-mec.ca\\\/#website\",\"url\":\"https:\\\/\\\/emc-mec.ca\\\/\",\"name\":\"Mobilit\u00e9 Electrique Canada\",\"description\":\"Acc\u00e9l\u00e9rer l&#039;\u00e9lectrification des transports\",\"potentialAction\":[{\"@type\":\"SearchAction\",\"target\":{\"@type\":\"EntryPoint\",\"urlTemplate\":\"https:\\\/\\\/emc-mec.ca\\\/?s={search_term_string}\"},\"query-input\":{\"@type\":\"PropertyValueSpecification\",\"valueRequired\":true,\"valueName\":\"search_term_string\"}}],\"inLanguage\":\"fr-FR\"}]}<\/script>\n<!-- \/ Yoast SEO plugin. -->","yoast_head_json":{"title":"Infrastructure de recharge des VE : Une vue d'ensemble du paysage canadien avec un regard particulier sur la province de l'Ontario - Mobilit\u00e9 Electrique Canada","robots":{"index":"index","follow":"follow","max-snippet":"max-snippet:-1","max-image-preview":"max-image-preview:large","max-video-preview":"max-video-preview:-1"},"canonical":"https:\/\/emc-mec.ca\/fr\/evenement\/infrastructure-de-recharge-des-ve-une-vue-densemble-du-paysage-canadien-avec-un-regard-particulier-sur-la-province-de-lontario\/","og_locale":"fr_FR","og_type":"article","og_title":"Infrastructure de recharge des VE : Une vue d'ensemble du paysage canadien avec un regard particulier sur la province de l'Ontario - Mobilit\u00e9 Electrique Canada","og_description":"Le minist\u00e8re britannique des affaires et du commerce (DBT) et Mobilit\u00e9 \u00e9lectrique Canada ont organis\u00e9 conjointement un webinaire sur l'infrastructure de recharge des v\u00e9hicules \u00e9lectriques (VE) au Canada, couvrant les politiques, les opportunit\u00e9s commerciales et le r\u00f4le du Royaume-Uni dans le soutien aux v\u00e9hicules \u00e0 \u00e9mission z\u00e9ro.","og_url":"https:\/\/emc-mec.ca\/fr\/evenement\/infrastructure-de-recharge-des-ve-une-vue-densemble-du-paysage-canadien-avec-un-regard-particulier-sur-la-province-de-lontario\/","og_site_name":"Mobilit\u00e9 Electrique Canada","article_modified_time":"2025-01-20T21:41:26+00:00","twitter_card":"summary_large_image","twitter_misc":{"Dur\u00e9e de lecture estim\u00e9e":"2 minutes"},"schema":{"@context":"https:\/\/schema.org","@graph":[{"@type":"WebPage","@id":"https:\/\/emc-mec.ca\/fr\/evenement\/infrastructure-de-recharge-des-ve-une-vue-densemble-du-paysage-canadien-avec-un-regard-particulier-sur-la-province-de-lontario\/","url":"https:\/\/emc-mec.ca\/fr\/evenement\/infrastructure-de-recharge-des-ve-une-vue-densemble-du-paysage-canadien-avec-un-regard-particulier-sur-la-province-de-lontario\/","name":"Infrastructure de recharge des VE : Une vue d'ensemble du paysage canadien avec un regard particulier sur la province de l'Ontario - Mobilit\u00e9 Electrique Canada","isPartOf":{"@id":"https:\/\/emc-mec.ca\/#website"},"datePublished":"2024-04-05T18:46:34+00:00","dateModified":"2025-01-20T21:41:26+00:00","breadcrumb":{"@id":"https:\/\/emc-mec.ca\/fr\/evenement\/infrastructure-de-recharge-des-ve-une-vue-densemble-du-paysage-canadien-avec-un-regard-particulier-sur-la-province-de-lontario\/#breadcrumb"},"inLanguage":"fr-FR","potentialAction":[{"@type":"ReadAction","target":["https:\/\/emc-mec.ca\/fr\/evenement\/infrastructure-de-recharge-des-ve-une-vue-densemble-du-paysage-canadien-avec-un-regard-particulier-sur-la-province-de-lontario\/"]}]},{"@type":"BreadcrumbList","@id":"https:\/\/emc-mec.ca\/fr\/evenement\/infrastructure-de-recharge-des-ve-une-vue-densemble-du-paysage-canadien-avec-un-regard-particulier-sur-la-province-de-lontario\/#breadcrumb","itemListElement":[{"@type":"ListItem","position":1,"name":"Home","item":"https:\/\/emc-mec.ca\/fr\/"},{"@type":"ListItem","position":2,"name":"Events","item":"https:\/\/emc-mec.ca\/event\/"},{"@type":"ListItem","position":3,"name":"Infrastructure de recharge des VE : Une vue d&#8217;ensemble du paysage canadien avec un regard particulier sur la province de l&#8217;Ontario"}]},{"@type":"WebSite","@id":"https:\/\/emc-mec.ca\/#website","url":"https:\/\/emc-mec.ca\/","name":"Mobilit\u00e9 Electrique Canada","description":"Acc\u00e9l\u00e9rer l&#039;\u00e9lectrification des transports","potentialAction":[{"@type":"SearchAction","target":{"@type":"EntryPoint","urlTemplate":"https:\/\/emc-mec.ca\/?s={search_term_string}"},"query-input":{"@type":"PropertyValueSpecification","valueRequired":true,"valueName":"search_term_string"}}],"inLanguage":"fr-FR"}]}},"_links":{"self":[{"href":"https:\/\/emc-mec.ca\/fr\/wp-json\/wp\/v2\/event\/2850","targetHints":{"allow":["GET"]}}],"collection":[{"href":"https:\/\/emc-mec.ca\/fr\/wp-json\/wp\/v2\/event"}],"about":[{"href":"https:\/\/emc-mec.ca\/fr\/wp-json\/wp\/v2\/types\/event"}],"wp:attachment":[{"href":"https:\/\/emc-mec.ca\/fr\/wp-json\/wp\/v2\/media?parent=2850"}],"wp:term":[{"taxonomy":"event-category","embeddable":true,"href":"https:\/\/emc-mec.ca\/fr\/wp-json\/wp\/v2\/event-category?post=2850"}],"curies":[{"name":"wp","href":"https:\/\/api.w.org\/{rel}","templated":true}]}}