{"version":"1.0","provider_name":"Mobilit\u00e9 Electrique Canada","provider_url":"https:\/\/emc-mec.ca\/fr\/","author_name":"admin","author_url":"https:\/\/emc-mec.ca\/fr\/author\/admin\/","title":"Maureen Shuell - Mobilit\u00e9 Electrique Canada","type":"rich","width":600,"height":338,"html":"<blockquote class=\"wp-embedded-content\" data-secret=\"B8Bck82yR3\"><a href=\"https:\/\/emc-mec.ca\/fr\/personnel\/maureen-shuell\/\">Maureen Shuell<\/a><\/blockquote><iframe sandbox=\"allow-scripts\" security=\"restricted\" src=\"https:\/\/emc-mec.ca\/fr\/personnel\/maureen-shuell\/embed\/#?secret=B8Bck82yR3\" width=\"600\" height=\"338\" title=\"\u00ab\u00a0Maureen Shuell\u00a0\u00bb &#8212; Mobilit\u00e9 Electrique Canada\" data-secret=\"B8Bck82yR3\" frameborder=\"0\" marginwidth=\"0\" marginheight=\"0\" scrolling=\"no\" class=\"wp-embedded-content\"><\/iframe><script type=\"text\/javascript\">\n\/* <![CDATA[ *\/\n\/*! This file is auto-generated *\/\n!function(d,l){\"use strict\";l.querySelector&&d.addEventListener&&\"undefined\"!=typeof URL&&(d.wp=d.wp||{},d.wp.receiveEmbedMessage||(d.wp.receiveEmbedMessage=function(e){var t=e.data;if((t||t.secret||t.message||t.value)&&!\/[^a-zA-Z0-9]\/.test(t.secret)){for(var s,r,n,a=l.querySelectorAll('iframe[data-secret=\"'+t.secret+'\"]'),o=l.querySelectorAll('blockquote[data-secret=\"'+t.secret+'\"]'),c=new RegExp(\"^https?:$\",\"i\"),i=0;i<o.length;i++)o[i].style.display=\"none\";for(i=0;i<a.length;i++)s=a[i],e.source===s.contentWindow&&(s.removeAttribute(\"style\"),\"height\"===t.message?(1e3<(r=parseInt(t.value,10))?r=1e3:~~r<200&&(r=200),s.height=r):\"link\"===t.message&&(r=new URL(s.getAttribute(\"src\")),n=new URL(t.value),c.test(n.protocol))&&n.host===r.host&&l.activeElement===s&&(d.top.location.href=t.value))}},d.addEventListener(\"message\",d.wp.receiveEmbedMessage,!1),l.addEventListener(\"DOMContentLoaded\",function(){for(var e,t,s=l.querySelectorAll(\"iframe.wp-embedded-content\"),r=0;r<s.length;r++)(t=(e=s[r]).getAttribute(\"data-secret\"))||(t=Math.random().toString(36).substring(2,12),e.src+=\"#?secret=\"+t,e.setAttribute(\"data-secret\",t)),e.contentWindow.postMessage({message:\"ready\",secret:t},\"*\")},!1)))}(window,document);\n\/\/# sourceURL=https:\/\/emc-mec.ca\/wp-includes\/js\/wp-embed.min.js\n\/* ]]> *\/\n<\/script>\n","thumbnail_url":"https:\/\/emc-mec.ca\/wp-content\/uploads\/2022\/09\/Oct1-EVVE2025-Final-Web-0396-scaled.jpg","thumbnail_width":1707,"thumbnail_height":2560,"description":"Maureen est responsable des op\u00e9rations et des finances, du conseil d'administration, des comit\u00e9s et des questions de gouvernance, de la planification et du suivi strat\u00e9giques, des adh\u00e9sions, du d\u00e9veloppement commercial, des \u00e9v\u00e9nements, des questions de personnel et soutient les efforts de relations gouvernementales. Elle est membre du conseil d'administration d'Accelerate : L\u2019alliance canadienne de la cha\u00eene d\u2019approvisionnement des VZE, et de Autonomous Transportation Canada, dont l'objectif est de faire progresser l'avenir des villes, des infrastructures et de la mobilit\u00e9 interconnect\u00e9e."}